{"id":78,"date":"2018-11-15T17:12:23","date_gmt":"2018-11-15T16:12:23","guid":{"rendered":"http:\/\/lagrue-mlc.ch\/?page_id=78"},"modified":"2019-02-16T22:33:54","modified_gmt":"2019-02-16T21:33:54","slug":"faq","status":"publish","type":"page","link":"https:\/\/lagrue-mlc.ch\/index.php\/faq\/","title":{"rendered":"FAQ"},"content":{"rendered":"<p style=\"text-align: center;\"><img decoding=\"async\" loading=\"lazy\" class=\"alignnone wp-image-549\" src=\"http:\/\/lagrue-mlc.ch\/wp-content\/uploads\/2018\/12\/Ampoule--248x300.jpg\" alt=\"\" width=\"87\" height=\"105\" srcset=\"https:\/\/lagrue-mlc.ch\/wp-content\/uploads\/2018\/12\/Ampoule--248x300.jpg 248w, https:\/\/lagrue-mlc.ch\/wp-content\/uploads\/2018\/12\/Ampoule--768x928.jpg 768w, https:\/\/lagrue-mlc.ch\/wp-content\/uploads\/2018\/12\/Ampoule--847x1024.jpg 847w, https:\/\/lagrue-mlc.ch\/wp-content\/uploads\/2018\/12\/Ampoule-.jpg 1560w\" sizes=\"(max-width: 87px) 100vw, 87px\" \/><\/p>\n<p style=\"text-align: center;\"><i>La plupart &nbsp;des questions que peut se poser tout<\/i><br \/>\n<i>un chacun sur notre MLC sont list\u00e9es&nbsp;ci-apr\u00e8s.<br \/>\nAu cas o\u00f9 vous ne trouveriez&nbsp;pas les r\u00e9ponses<\/i>&nbsp;<i>\u00e0 vos<br \/>\ninterrogations, merci de bien vouloir contacter le<\/i><span style=\"color: #33cccc;\"><a style=\"font-style: italic; color: #33cccc;\" href=\"mailto:webmaster@lagrue-mlc.ch\"> webmaster<\/a><\/span><br \/>\n<i>qui vous r\u00e9pondra au mieux et, le cas \u00e9ch\u00e9ant, ajoutera<br \/>\nla question<\/i>&nbsp;<i>et sa r\u00e9ponse&nbsp;\u00e0&nbsp;cette&nbsp;liste.<\/i><\/p>\n<p style=\"text-align: center;\">\t\t\t\t\t\t\t<h3 style=\"margin-bottom:20px;display:block;width:100%;margin-top:10px\">Foire aux questions (FAQ) <\/h3>\r\n\t\t\t\t\t\t<style>\r\n\t\t\t\t<style>\r\n#wpsm_accordion_266 .wpsm_panel-heading{\r\n\tpadding:0px !important;\r\n}\r\n#wpsm_accordion_266 .wpsm_panel-title {\r\n\tmargin:0px !important; \r\n\ttext-transform:none !important;\r\n\tline-height: 1 !important;\r\n}\r\n#wpsm_accordion_266 .wpsm_panel-title a{\r\n\ttext-decoration:none;\r\n\toverflow:hidden;\r\n\tdisplay:block;\r\n\tpadding:0px;\r\n\tfont-size: 16px !important;\r\n\tfont-family: Arial !important;\r\n\tcolor:#000000 !important;\r\n\tborder-bottom:0px !important;\r\n}\r\n\r\n#wpsm_accordion_266 .wpsm_panel-title a:focus {\r\noutline: 0px !important;\r\n}\r\n\r\n#wpsm_accordion_266 .wpsm_panel-title a:hover, #wpsm_accordion_266 .wpsm_panel-title a:focus {\r\n\tcolor:#000000 !important;\r\n}\r\n#wpsm_accordion_266 .acc-a{\r\n\tcolor: #000000 !important;\r\n\tbackground-color:#d3d3d3 !important;\r\n\tborder-color: #ddd;\r\n}\r\n#wpsm_accordion_266 .wpsm_panel-default > .wpsm_panel-heading{\r\n\tcolor: #000000 !important;\r\n\tbackground-color: #d3d3d3 !important;\r\n\tborder-color: #d3d3d3 !important;\r\n\tborder-top-left-radius: 0px;\r\n\tborder-top-right-radius: 0px;\r\n}\r\n#wpsm_accordion_266 .wpsm_panel-default {\r\n\t\tborder:1px solid transparent !important;\r\n\t}\r\n#wpsm_accordion_266 {\r\n\tmargin-bottom: 20px;\r\n\toverflow: hidden;\r\n\tfloat: none;\r\n\twidth: 100%;\r\n\tdisplay: block;\r\n}\r\n#wpsm_accordion_266 .ac_title_class{\r\n\tdisplay: block;\r\n\tpadding-top: 12px;\r\n\tpadding-bottom: 12px;\r\n\tpadding-left: 15px;\r\n\tpadding-right: 15px;\r\n}\r\n#wpsm_accordion_266  .wpsm_panel {\r\n\toverflow:hidden;\r\n\t-webkit-box-shadow: 0 0px 0px rgba(0, 0, 0, .05);\r\n\tbox-shadow: 0 0px 0px rgba(0, 0, 0, .05);\r\n\t\tborder-radius: 4px;\r\n\t}\r\n#wpsm_accordion_266  .wpsm_panel + .wpsm_panel {\r\n\t\tmargin-top: 5px;\r\n\t}\r\n#wpsm_accordion_266  .wpsm_panel-body{\r\n\tbackground-color:#ffffff !important;\r\n\tcolor:#000000 !important;\r\n\tborder-top-color: #d3d3d3 !important;\r\n\tfont-size:14px !important;\r\n\tfont-family: Arial !important;\r\n\toverflow: hidden;\r\n\t\tborder: 2px solid transparent !important;\r\n\t}\r\n\r\n#wpsm_accordion_266 .ac_open_cl_icon{\r\n\tbackground-color:#d3d3d3 !important;\r\n\tcolor: #000000 !important;\r\n\tfloat:right !important;\r\n\tpadding-top: 12px !important;\r\n\tpadding-bottom: 12px !important;\r\n\tline-height: 1.0 !important;\r\n\tpadding-left: 15px !important;\r\n\tpadding-right: 15px !important;\r\n\tdisplay: inline-block !important;\r\n}\r\n\r\n\t\t\t\r\n\t\t\t<\/style>\t\r\n\t\t\t<\/style>\r\n\t\t\t<div class=\"wpsm_panel-group\" id=\"wpsm_accordion_266\" >\r\n\t\t\t\t\t\t\t\t\r\n\t\t\t\t\t<!-- Inner panel Start -->\r\n\t\t\t\t\t<div class=\"wpsm_panel wpsm_panel-default\">\r\n\t\t\t\t\t\t<div class=\"wpsm_panel-heading\" role=\"tab\" >\r\n\t\t\t\t\t\t  <h4 class=\"wpsm_panel-title\">\r\n\t\t\t\t\t\t\t<a  class=\"\"  data-toggle=\"collapse\" data-parent=\"#wpsm_accordion_266 \" href=\"javascript:void(0)\" data-target=\"#ac_266_collapse1\" onclick=\"do_resize()\">\r\n\t\t\t\t\t\t\t\t\t\t\t\t\t\t\t\t\t<span class=\"ac_open_cl_icon fa fa-plus\"><\/span>\r\n\t\t\t\t\t\t\t\t\t\r\n\t\t\t\t\t\t\t\t \r\n\t\t\t\t\t\t\t\t<span class=\"ac_title_class\">\r\n\t\t\t\t\t\t\t\t\t\t\t\t\t\t\t\t\t\t\t\t<span style=\"margin-right:6px;\" class=\"fa fa-arrow-circle-right\"><\/span>\r\n\t\t\t\t\t\t\t\t\tG\u00e9n\u00e9ralit\u00e9s\t\t\t\t\t\t\t\t<\/span>\r\n\t\t\t\t\t\t\t<\/a>\r\n\t\t\t\t\t\t  <\/h4>\r\n\t\t\t\t\t\t<\/div>\r\n\t\t\t\t\t\t<div id=\"ac_266_collapse1\" class=\"wpsm_panel-collapse collapse \"  >\r\n\t\t\t\t\t\t  <div class=\"wpsm_panel-body\">\r\n\t\t\t\t\t\t\t<strong><img class=\"alignnone wp-image-41\" src=\"http:\/\/lagrue-mlc.ch\/wp-content\/uploads\/2018\/11\/Grue_Sihouette-Rouge-240x300.png\" alt=\"\" width=\"27\" height=\"34\" \/>\u00a0 \u00a0a1 -\u00a0Qu'est-ce qu'une monnaie locale compl\u00e9mentaire ?<\/strong><br>\r\nUne monnaie locale compl\u00e9mentaire est une monnaie parall\u00e8le qui n'\u00e9mane pas d'un gouvernement national et qui est destin\u00e9e \u00e0 \u00eatre \u00e9chang\u00e9e exclusivement dans une zone g\u00e9ographique limit\u00e9e.<br>\r\nElle fonctionne en compl\u00e9ment de la monnaie nationale.<br>\r\n<strong><code><img class=\"alignnone wp-image-41\" src=\"http:\/\/lagrue-mlc.ch\/wp-content\/uploads\/2018\/11\/Grue_Sihouette-Rouge-240x300.png\" alt=\"\" width=\"27\" height=\"34\" \/>\u00a0<\/code>a2 - Qu'est-ce que La Grue ?<\/strong><br>\r\nLa Grue est une monnaie locale compl\u00e9mentaire qui pourra \u00eatre utilis\u00e9e exclusivement dans les 3 r\u00e9gions couvertes approximativement par l'Ancien Comt\u00e9 de Gruy\u00e8re: le Saanenland, le Pays-d'Enhaut et l'actuel district de la Gruy\u00e8re.<br>\r\nLa mise en circulation des grues est pr\u00e9vue pour fin 2019.\t\t\t\t\t\t  <\/div>\r\n\t\t\t\t\t\t<\/div>\r\n\t\t\t\t\t<\/div>\r\n\t\t\t\t\t<!-- Inner panel End -->\r\n\t\t\t\t\t\r\n\t\t\t\t\t\t\t\t\r\n\t\t\t\t\t<!-- Inner panel Start -->\r\n\t\t\t\t\t<div class=\"wpsm_panel wpsm_panel-default\">\r\n\t\t\t\t\t\t<div class=\"wpsm_panel-heading\" role=\"tab\" >\r\n\t\t\t\t\t\t  <h4 class=\"wpsm_panel-title\">\r\n\t\t\t\t\t\t\t<a  class=\"collapsed\"  data-toggle=\"collapse\" data-parent=\"#wpsm_accordion_266 \" href=\"javascript:void(0)\" data-target=\"#ac_266_collapse2\" onclick=\"do_resize()\">\r\n\t\t\t\t\t\t\t\t\t\t\t\t\t\t\t\t\t<span class=\"ac_open_cl_icon fa fa-plus\"><\/span>\r\n\t\t\t\t\t\t\t\t\t\r\n\t\t\t\t\t\t\t\t \r\n\t\t\t\t\t\t\t\t<span class=\"ac_title_class\">\r\n\t\t\t\t\t\t\t\t\t\t\t\t\t\t\t\t\t\t\t\t<span style=\"margin-right:6px;\" class=\"fa fa-arrow-circle-right\"><\/span>\r\n\t\t\t\t\t\t\t\t\tFonctionnement pratique\t\t\t\t\t\t\t\t<\/span>\r\n\t\t\t\t\t\t\t<\/a>\r\n\t\t\t\t\t\t  <\/h4>\r\n\t\t\t\t\t\t<\/div>\r\n\t\t\t\t\t\t<div id=\"ac_266_collapse2\" class=\"wpsm_panel-collapse collapse \"  >\r\n\t\t\t\t\t\t  <div class=\"wpsm_panel-body\">\r\n\t\t\t\t\t\t\t<strong><code><img class=\"alignnone wp-image-41\" src=\"http:\/\/lagrue-mlc.ch\/wp-content\/uploads\/2018\/11\/Grue_Sihouette-Rouge-240x300.png\" alt=\"\" width=\"27\" height=\"34\" \/>\u00a0<\/code>b1 -\r\nQui g\u00e8re le projet ?<\/strong><br>\r\nL'association La Grue est g\u00e9r\u00e9e par un collectif citoyen.<br> Toute personne est la bienvenue pour s'investir dans le projet.<br>Bien que potentiellement soutenu par des personnes de tout bord, il est compl\u00e8tement apolitique.<br>\r\n<strong><code><img class=\"alignnone wp-image-41\" src=\"http:\/\/lagrue-mlc.ch\/wp-content\/uploads\/2018\/11\/Grue_Sihouette-Rouge-240x300.png\" alt=\"\" width=\"27\" height=\"34\" \/>\u00a0\u00a0<\/code>b2 -\r\nQuel est le but du \u00a0projet ?<\/strong><br>\r\nLe but final est de mettre en circulation une monnaie locale compl\u00e9mentaire et de p\u00e9r\u00e9niser l'action dans le p\u00e9rim\u00e8tre de l'ancien Comt\u00e9 de Gruy\u00e8re.<br>Au-del\u00e0 de cette action, il y a la volont\u00e9 de participer \u00e0 la construction d'un monde diff\u00e9rent.<br>Entre autres, nous souhaitons:<br>\r\n\u2022 Redonner \u00e0 la monnaie sa fonction premi\u00e8re, \u00e0 savoir un moyen d'\u00e9change, loin de la sp\u00e9culation et des jeux \u00e9conomiques d\u00e9coupl\u00e9s de la r\u00e9alit\u00e9;<br>\r\n\u2022 Redonner \u00e0 chacun la possibilit\u00e9 d'agir de fa\u00e7on directe et d\u00e9mocratique sur son environnement; en l'occurence ici le syst\u00e8me mon\u00e9taire;<br>\r\n\u2022 Permettre \u00e0 chacun de comprendre comment fonctionnent ensemble les diff\u00e9rents circuits financiers: monnaie-dette, MLC, SEL... afin de choisir en toute conscience lesquels favoriser;<br>\r\n\u2022 Rendre visible les savoir-faire et les comp\u00e9tences qui constituent le tissu \u00e9conomique r\u00e9gional;<br>\r\n\u2022 Favoriser les circuits courts et le commerce local afin d'oeuvrer pour un monde avec moins de d\u00e9pendances aux \u00e9nergies fossiles.<br>\r\n<strong><code><img class=\"alignnone wp-image-41\" src=\"http:\/\/lagrue-mlc.ch\/wp-content\/uploads\/2018\/11\/Grue_Sihouette-Rouge-240x300.png\" alt=\"\" width=\"27\" height=\"34\" \/>\u00a0\u00a0<\/code>b3 -<\/strong>\u00a0<strong>Qui cela concerne-t-il ?<\/strong><br>\r\n\u2022 Tous les citoyens qui souhaitent participer \u00e0 la construction d'un monde plus s\u00fbr, plus \u00e9quitable et plus convivial. Ils leur suffit de changer leurs francs<br>\r\nsuisses en grues pour d\u00e9j\u00e0 devenir acteur du projet.<br>\r\n\u2022 Ceux qui le d\u00e9sirent peuvent devenir membre individuel de l'association. Une petite cotisation annuelle leur octroie, \u00e0 terme, certains avantages.<br>\r\n\u2022 Pour les prestataires qui veulent favoriser le commerce de proximit\u00e9, il leur suffit de rejoindre le r\u00e9seau, c'est-\u00e0-dire devenir membre de l'association. soit signer l\u00e2chante et s'engager \u00e0 la respecter. D\u00e8s lors, ils figureront sur la carte interactive des prestataires et pourront apposer sur leur devanture le macaron ad hoc.<br>\r\n<strong><code><img class=\"alignnone wp-image-41\" src=\"http:\/\/lagrue-mlc.ch\/wp-content\/uploads\/2018\/11\/Grue_Sihouette-Rouge-240x300.png\" alt=\"\" width=\"27\" height=\"34\" \/>\u00a0\u00a0<\/code>b4 -<\/strong>\r\n<strong>Quels sont les avantages d'utiliser des grues ?<\/strong><br>\r\nIl n'y a pas d'int\u00e9r\u00eat personnel mais uniquement un int\u00e9r\u00eat collectif.<br>L'utilisation des grues aura pour effet de rendre visible un mouvement de citoyens, d'associations, de prestataires qui se soucient de la pr\u00e9servation de notre \u00e9conomie locale. Le syst\u00e8me renforce le sentiment d'appartenance \u00e0 la communaut\u00e9 concern\u00e9e et encourage les rapports sociaux.\t\t\t\t\t\t  <\/div>\r\n\t\t\t\t\t\t<\/div>\r\n\t\t\t\t\t<\/div>\r\n\t\t\t\t\t<!-- Inner panel End -->\r\n\t\t\t\t\t\r\n\t\t\t\t\t\t\t\t\r\n\t\t\t\t\t<!-- Inner panel Start -->\r\n\t\t\t\t\t<div class=\"wpsm_panel wpsm_panel-default\">\r\n\t\t\t\t\t\t<div class=\"wpsm_panel-heading\" role=\"tab\" >\r\n\t\t\t\t\t\t  <h4 class=\"wpsm_panel-title\">\r\n\t\t\t\t\t\t\t<a  class=\"collapsed\"  data-toggle=\"collapse\" data-parent=\"#wpsm_accordion_266 \" href=\"javascript:void(0)\" data-target=\"#ac_266_collapse3\" onclick=\"do_resize()\">\r\n\t\t\t\t\t\t\t\t\t\t\t\t\t\t\t\t\t<span class=\"ac_open_cl_icon fa fa-plus\"><\/span>\r\n\t\t\t\t\t\t\t\t\t\r\n\t\t\t\t\t\t\t\t \r\n\t\t\t\t\t\t\t\t<span class=\"ac_title_class\">\r\n\t\t\t\t\t\t\t\t\t\t\t\t\t\t\t\t\t\t\t\t<span style=\"margin-right:6px;\" class=\"fa fa-arrow-circle-right\"><\/span>\r\n\t\t\t\t\t\t\t\t\tFonctionnement pratique (suite)\t\t\t\t\t\t\t\t<\/span>\r\n\t\t\t\t\t\t\t<\/a>\r\n\t\t\t\t\t\t  <\/h4>\r\n\t\t\t\t\t\t<\/div>\r\n\t\t\t\t\t\t<div id=\"ac_266_collapse3\" class=\"wpsm_panel-collapse collapse \"  >\r\n\t\t\t\t\t\t  <div class=\"wpsm_panel-body\">\r\n\t\t\t\t\t\t\t<strong><code><img class=\"alignnone wp-image-41\" src=\"http:\/\/lagrue-mlc.ch\/wp-content\/uploads\/2018\/11\/Grue_Sihouette-Rouge-240x300.png\" alt=\"\" width=\"27\" height=\"34\" \/>\u00a0\u00a0<\/code>b6<\/strong>\u00a0-\u00a0<strong>Quelle est la valeur d'une grue ?<\/strong><BR>\r\nUne grue est \u00e9quivalent en tout temps \u00e0 un franc suisse.<br>Elle a la m\u00eame valeur d'\u00e9change et est garantie, non pas par un \u00e9quivalent or, mais par un franc suisse plac\u00e9 dans une banque \u00e9thique.<BR>\r\n<strong><code><img class=\"alignnone wp-image-41\" src=\"http:\/\/lagrue-mlc.ch\/wp-content\/uploads\/2018\/11\/Grue_Sihouette-Rouge-240x300.png\" alt=\"\" width=\"27\" height=\"34\" \/>\u00a0\u00a0<\/code>b7<\/strong>\u00a0-\u00a0<strong>O\u00f9 peut-on se procurer des grues ?<\/strong><BR>\r\nDans les bureaux de change. Il s'agira, entre autres, des offices r\u00e9gionaux du tourisme et les commer\u00e7ants qui ont \u00e9t\u00e9 mandat\u00e9s pour ce faire.<BR>\r\nVous aurez aussi la possibilit\u00e9 de vous faire rendre la monnaie en grues chez tous les commer\u00e7ants membres qui les acceptent; dans la limite de leur disponibilit\u00e9.<BR>\r\n<strong><code><img class=\"alignnone wp-image-41\" src=\"http:\/\/lagrue-mlc.ch\/wp-content\/uploads\/2018\/11\/Grue_Sihouette-Rouge-240x300.png\" alt=\"\" width=\"27\" height=\"34\" \/>\u00a0\u00a0<\/code>b8<\/strong>\u00a0-\u00a0<strong>Quelle est la validit\u00e9 des grues dans le temps ?<\/strong><BR>\r\nUne grue n'a pas de date d'\u00e9ch\u00e9ance \u00a0de validit\u00e9.<br>Sa valeur est garantie dans le temps.<BR>\r\n<strong><code><img class=\"alignnone wp-image-41\" src=\"http:\/\/lagrue-mlc.ch\/wp-content\/uploads\/2018\/11\/Grue_Sihouette-Rouge-240x300.png\" alt=\"\" width=\"27\" height=\"34\" \/>\u00a0\u00a0<\/code>b9<\/strong>\u00a0-\u00a0<strong>Que se passe-t-il si la d\u00e9marche est stopp\u00e9e ?<\/strong><BR>\r\nIl n'est bien s\u00fbr pas pr\u00e9vu que la d\u00e9marche s'arr\u00eate. \r\n<BR>Ce qui pourrait l'y amener serait une modification de la l\u00e9gislation ou un changement du mod\u00e8le financier national; cela rendraient les monnaies locales compl\u00e9mentaires ill\u00e9gales ou inutiles.\r\nLe cas \u00e9ch\u00e9ant, nous mettrions un terme \u00e0 la d\u00e9marche et dans un d\u00e9lai d\u00e9termin\u00e9, tous les possesseurs de grues \u00a0pourraient les \u00e9changer sans frais contre des francs suisses dans les bureaux de change agr\u00e9\u00e9s.<BR>\r\n<strong><code><img class=\"alignnone wp-image-41\" src=\"http:\/\/lagrue-mlc.ch\/wp-content\/uploads\/2018\/11\/Grue_Sihouette-Rouge-240x300.png\" alt=\"\" width=\"27\" height=\"34\" \/>\u00a0\u00a0<\/code>b10<\/strong><strong> - La grue peut-elle perdre de la valeur dans le temps ?<\/strong><BR>\r\nAbsolument pas. Par contre, une monnaie<i> fondante\u00a0<\/i>telles celles mise en circulation par les banques\u00a0et la g\u00e9n\u00e9ralisation des taux n\u00e9gatifs pourrait perdre sa valeur.<BR>\r\n<strong><code><img class=\"alignnone wp-image-41\" src=\"http:\/\/lagrue-mlc.ch\/wp-content\/uploads\/2018\/11\/Grue_Sihouette-Rouge-240x300.png\" alt=\"\" width=\"27\" height=\"34\" \/>\u00a0\u00a0<\/code>b11<\/strong><BR><strong>Puis-je convertir les grues en francs suisses si je n'en ai pas l'utilit\u00e9 ?<\/strong><BR>Non.\u00a0Cette possibilit\u00e9 est r\u00e9serv\u00e9e aux prestataires uniquement. Dans ce cas, un pourcentage (\u00e0 fixer) leur sera pr\u00e9lev\u00e9. Ceci dans le but de les encourager \u00e0 trouver des d\u00e9bouch\u00e9s et \u00e0 faire circuler la monnaie. Le pourcentage pr\u00e9lev\u00e9 constituera un fonds destin\u00e9 \u00e0 soutenir des projets locaux \u00e0 vocation \u00e9cologique, sociale ou culturelle.\t\t\t\t\t\t  <\/div>\r\n\t\t\t\t\t\t<\/div>\r\n\t\t\t\t\t<\/div>\r\n\t\t\t\t\t<!-- Inner panel End -->\r\n\t\t\t\t\t\r\n\t\t\t\t\t\t\t\t\r\n\t\t\t\t\t<!-- Inner panel Start -->\r\n\t\t\t\t\t<div class=\"wpsm_panel wpsm_panel-default\">\r\n\t\t\t\t\t\t<div class=\"wpsm_panel-heading\" role=\"tab\" >\r\n\t\t\t\t\t\t  <h4 class=\"wpsm_panel-title\">\r\n\t\t\t\t\t\t\t<a  class=\"collapsed\"  data-toggle=\"collapse\" data-parent=\"#wpsm_accordion_266 \" href=\"javascript:void(0)\" data-target=\"#ac_266_collapse4\" onclick=\"do_resize()\">\r\n\t\t\t\t\t\t\t\t\t\t\t\t\t\t\t\t\t<span class=\"ac_open_cl_icon fa fa-plus\"><\/span>\r\n\t\t\t\t\t\t\t\t\t\r\n\t\t\t\t\t\t\t\t \r\n\t\t\t\t\t\t\t\t<span class=\"ac_title_class\">\r\n\t\t\t\t\t\t\t\t\t\t\t\t\t\t\t\t\t\t\t\t<span style=\"margin-right:6px;\" class=\"fa fa-arrow-circle-right\"><\/span>\r\n\t\t\t\t\t\t\t\t\tFonctionnement \u00e9conomique\t\t\t\t\t\t\t\t<\/span>\r\n\t\t\t\t\t\t\t<\/a>\r\n\t\t\t\t\t\t  <\/h4>\r\n\t\t\t\t\t\t<\/div>\r\n\t\t\t\t\t\t<div id=\"ac_266_collapse4\" class=\"wpsm_panel-collapse collapse \"  >\r\n\t\t\t\t\t\t  <div class=\"wpsm_panel-body\">\r\n\t\t\t\t\t\t\t<strong><code><img class=\"alignnone wp-image-41\" src=\"http:\/\/lagrue-mlc.ch\/wp-content\/uploads\/2018\/11\/Grue_Sihouette-Rouge-240x300.png\" alt=\"\" width=\"27\" height=\"34\" \/>\u00a0<\/code>c1 - Qui fixe le prix de vente des marchandises \/ des prestations ?<\/strong><BR>\r\nDu fait qu'un prix de vente est d\u00e9j\u00e0 d\u00e9fini en francs suisses, il n'y pas de raison \u00e0 le changer puisqu'un franc \u00e9quivaut \u00e0 une grue.\r\nSi un prestataire souhaite fixer un prix pr\u00e9f\u00e9rentiel aux clients \u00a0qui paient en grues, c'est son choix et son droit.\r\nPar contre, il n'a pas le droit de surtaxer un produit \/ une prestation si r\u00e9gl\u00e9e en grues.<BR>\r\n<strong><code><img class=\"alignnone wp-image-41\" src=\"http:\/\/lagrue-mlc.ch\/wp-content\/uploads\/2018\/11\/Grue_Sihouette-Rouge-240x300.png\" alt=\"\" width=\"27\" height=\"34\" \/>\u00a0<\/code>c2 - Est-il possible de payer en mixte ?<\/strong><BR>\r\nDu fait que la grue est disponible qu'en billets, la monnaie rendue le sera en centimes.\r\nPar ailleurs, une facture peut \u00eatre pay\u00e9e en partie en grues, en partie en coupures nationales, au gr\u00e9 du prestataire.<BR>\r\n<strong>Exemple: prix de vente CHF 4.50<\/strong><BR>\r\n1) Vous payez avec un billet de 5 grues; on vous rend 50 centimes.<BR>\r\n2) Vous payez avec un billet de 4 grues et compl\u00e9tez avec 50 centimes.<BR>\r\n3) Vous payez avec un billet de 20 grues; on vous rend 10 grues, 5 francs et 50 centimes.<BR>\r\netc.<BR>\r\n<strong><code><img class=\"alignnone wp-image-41\" src=\"http:\/\/lagrue-mlc.ch\/wp-content\/uploads\/2018\/11\/Grue_Sihouette-Rouge-240x300.png\" alt=\"\" width=\"27\" height=\"34\" \/>\u00a0<\/code><code><\/code>c3 - Y-a-t-il un risque d'inflation ?<\/strong><BR>\r\nNon, puisqu'il n'y a aucune cr\u00e9ation mon\u00e9taire \u00e0 proprement parler. L'\u00e9volution des prix \u00e0 la consommation est enti\u00e8rement d\u00e9coupl\u00e9e de la mise en place d'une monnaie locale.<BR>\r\n<strong><code><img class=\"alignnone wp-image-41\" src=\"http:\/\/lagrue-mlc.ch\/wp-content\/uploads\/2018\/11\/Grue_Sihouette-Rouge-240x300.png\" alt=\"\" width=\"27\" height=\"34\" \/>\u00a0 c4<\/code>- Peut-on d\u00e9poser des grues dans un\u00a0\u00e9tablissement bancaire ?<BR>\r\n<\/strong>Aujourd'hui, aucune banque ne g\u00e8re des comptes en monnaies locales compl\u00e9mentaires. Une MLC n'est destin\u00e9e ni \u00e0 l'\u00e9pargne ni \u00e0 la sp\u00e9culation.<BR>\r\n<strong><code><img class=\"alignnone wp-image-41\" src=\"http:\/\/lagrue-mlc.ch\/wp-content\/uploads\/2018\/11\/Grue_Sihouette-Rouge-240x300.png\" alt=\"\" width=\"27\" height=\"34\" \/>\u00a0\u00a0<\/code>c5 - Quels avantages par rapport au WIR et au ch\u00e8que REKA ?<BR>\r\n<\/strong>\u2022 Le WIR est essentiellement destin\u00e9 aux relations inter-entreprises et aux PME.<BR>\r\n\u2022 Le ch\u00e8que REKA est une monnaie sectorielle r\u00e9serv\u00e9e aux loisirs.<BR>\r\n\u2022 La MLC La Grue est une monnaie r\u00e9gionale pour les 3 r\u00e9gions sp\u00e9cifi\u00e9es.<BR>\r\n<strong><code><img class=\"alignnone wp-image-41\" src=\"http:\/\/lagrue-mlc.ch\/wp-content\/uploads\/2018\/11\/Grue_Sihouette-Rouge-240x300.png\" alt=\"\" width=\"27\" height=\"34\" \/>\u00a0\u00a0<\/code>c6 - Peut-on s'enrichir par le biais de l'association La Grue ?<BR>\r\n<\/strong>Non. La Grue est une d\u00e9marche citoyenne. La charge de travail est r\u00e9partie entre les b\u00e9n\u00e9voles impliqu\u00e9s dans la gestion du projet.\r\nLa comptabilit\u00e9 de l'association est transparente et est pr\u00e9sent\u00e9e aux assembl\u00e9es g\u00e9n\u00e9rales.\t\t\t\t\t\t  <\/div>\r\n\t\t\t\t\t\t<\/div>\r\n\t\t\t\t\t<\/div>\r\n\t\t\t\t\t<!-- Inner panel End -->\r\n\t\t\t\t\t\r\n\t\t\t\t\t\t\t\t\r\n\t\t\t\t\t<!-- Inner panel Start -->\r\n\t\t\t\t\t<div class=\"wpsm_panel wpsm_panel-default\">\r\n\t\t\t\t\t\t<div class=\"wpsm_panel-heading\" role=\"tab\" >\r\n\t\t\t\t\t\t  <h4 class=\"wpsm_panel-title\">\r\n\t\t\t\t\t\t\t<a  class=\"collapsed\"  data-toggle=\"collapse\" data-parent=\"#wpsm_accordion_266 \" href=\"javascript:void(0)\" data-target=\"#ac_266_collapse5\" onclick=\"do_resize()\">\r\n\t\t\t\t\t\t\t\t\t\t\t\t\t\t\t\t\t<span class=\"ac_open_cl_icon fa fa-plus\"><\/span>\r\n\t\t\t\t\t\t\t\t\t\r\n\t\t\t\t\t\t\t\t \r\n\t\t\t\t\t\t\t\t<span class=\"ac_title_class\">\r\n\t\t\t\t\t\t\t\t\t\t\t\t\t\t\t\t\t\t\t\t<span style=\"margin-right:6px;\" class=\"fa fa-arrow-circle-right\"><\/span>\r\n\t\t\t\t\t\t\t\t\tLes prestataires\t\t\t\t\t\t\t\t<\/span>\r\n\t\t\t\t\t\t\t<\/a>\r\n\t\t\t\t\t\t  <\/h4>\r\n\t\t\t\t\t\t<\/div>\r\n\t\t\t\t\t\t<div id=\"ac_266_collapse5\" class=\"wpsm_panel-collapse collapse \"  >\r\n\t\t\t\t\t\t  <div class=\"wpsm_panel-body\">\r\n\t\t\t\t\t\t\tArtisans - Agriculteurs - Commer\u00e7ants - Services...<br>\r\n<strong><code><img class=\"alignnone wp-image-41\" src=\"http:\/\/lagrue-mlc.ch\/wp-content\/uploads\/2018\/11\/Grue_Sihouette-Rouge-240x300.png\" alt=\"\" width=\"27\" height=\"34\" \/>\u00a0\u00a0<\/code>d1<br>Quels sont les avantages apport\u00e9s par La Grue pour un prestataire ?<\/strong><br>\r\nEn adh\u00e9rant \u00e0 l'association, il obtient \u00a0les avantages suivants:<br>\r\n\u2022 Visibilit\u00e9 accrue de son activit\u00e9 par l'interm\u00e9diaire du site web La Grue<br>\r\n\u2022 Affichage du macaron officiel sur sa devanture, dans sa publicit\u00e9, sur son site web..., afin d'affirmer son attachement au commerce local<br>\r\n<strong><code><img class=\"alignnone wp-image-41\" src=\"http:\/\/lagrue-mlc.ch\/wp-content\/uploads\/2018\/11\/Grue_Sihouette-Rouge-240x300.png\" alt=\"\" width=\"27\" height=\"34\" \/>\u00a0\u00a0<\/code>d2 - Et la bureaucratie qui en d\u00e9coule ?<\/strong><br>\r\nSi le prestataire d\u00e9cide de continuer de travailler avec une seule caisse (les billets de la MLC La Grue sont de taille et de couleur de base identique \u00e0 ceux \u00e9mis par la BNS), il n'y a pas lieu de changer quoique ce soit.<br>\r\nLa tenue de la comptabilit\u00e9 du prestataire reste donc inchang\u00e9e.<br>\r\nSeuls les prestataires qui officieront en tant que bureau de change devront tenir une comptabilit\u00e9 sp\u00e9cifique des montants \u00e9chang\u00e9s.<br>\r\n<strong><code><img class=\"alignnone wp-image-41\" src=\"http:\/\/lagrue-mlc.ch\/wp-content\/uploads\/2018\/11\/Grue_Sihouette-Rouge-240x300.png\" alt=\"\" width=\"27\" height=\"34\" \/>\u00a0\u00a0<\/code>d3 - Quelles limites peut-on fixer \u00e0 un paiement en grues ?<\/strong><br>\r\nUne r\u00e8gle, qui fixe les limites, est \u00e9tablie par chaque prestataire. Cette r\u00e8gle va d\u00e9pendre fortement du genre de commerce concern\u00e9.<br>\r\n<strong>Exemples possibles:<\/strong><br>\r\n\u2022 Un garagiste se fait payer la main-d'oeuvre en grues et les pi\u00e8ces en francs<br>\r\n\u2022 Un \u00a0commer\u00e7ant accepte des grues pour 50% de la facture totale<br>\r\n<strong><code><img class=\"alignnone wp-image-41\" src=\"http:\/\/lagrue-mlc.ch\/wp-content\/uploads\/2018\/11\/Grue_Sihouette-Rouge-240x300.png\" alt=\"\" width=\"27\" height=\"34\" \/>\u00a0<\/code>d4 - Et si toute le monde paient en grues ?<\/strong><br>\r\nL'utilisation des grues va rester marginale dans un premier temps.\r\nPar la suite, le r\u00e9seau va s'\u00e9toffer avec davantage de consommateurs et de prestataires, donc davantage de d\u00e9bouch\u00e9s pour pouvoir utiliser les grues.<br>\r\n<strong><code><img class=\"alignnone wp-image-41\" src=\"http:\/\/lagrue-mlc.ch\/wp-content\/uploads\/2018\/11\/Grue_Sihouette-Rouge-240x300.png\" alt=\"\" width=\"27\" height=\"34\" \/>\u00a0<\/code>d5 - Et si on ne trouve pas de d\u00e9bouch\u00e9s pour les grues encaiss\u00e9es ?<\/strong><br>\r\nIl faut garder \u00e0 l'esprit que l'utilisation de la monnaie locale compl\u00e9mentaire va rester marginale pendant assez longtemps,\r\nCependant, la situation va \u00e9voluer et de plus en plus de prestataires vont l'utiliser pour par exemples:<br>\r\n\u2022 Payer une partie son salaire et celui des employ\u00e9s en grues<br>\r\n\u2022 Verser la prime de fin d'ann\u00e9e en grues<br>\r\n\u2022 Organiser le soupe de fin d'ann\u00e9e dans un \u00e9tablissement qui accepte les grues<br>\r\n\u2022 Payer les jetons de pr\u00e9sence (assembl\u00e9es communales) en grues<br>\r\n<strong>Exemple concret<\/strong>: \u00a0en Valais depuis peu, \u00a0la Commune de Sion accepte la MLC \u00a0Le Farinet pour payer les amendes d'ordre, les \u00e9moluments d\u00fbs au service des habitants et bien d'autres factures encore.<br>\r\nEn dernier recours, le prestataire pourra changer ses grues en francs, mais alors une commission d'un pourcentage \u00e0 fixer lui sera pr\u00e9lev\u00e9.<br>\r\n<strong><code><img class=\"alignnone wp-image-41\" src=\"http:\/\/lagrue-mlc.ch\/wp-content\/uploads\/2018\/11\/Grue_Sihouette-Rouge-240x300.png\" alt=\"\" width=\"27\" height=\"34\" \/>\u00a0\u00a0<\/code>d6 - Qu'en est-il de la TVA ?<\/strong><br>\r\nRien ne change concernant la TVA.<br>Pour ce qui concerne les grues encaiss\u00e9es, elle est pay\u00e9e en francs.<br>\r\n<strong><code><img class=\"alignnone wp-image-41\" src=\"http:\/\/lagrue-mlc.ch\/wp-content\/uploads\/2018\/11\/Grue_Sihouette-Rouge-240x300.png\" alt=\"\" width=\"27\" height=\"34\" \/>\u00a0\u00a0<\/code>d7 - Quels sont les co\u00fbts de participation pour un prestataire ?<\/strong><br>\r\nUne cotisation annuelle est per\u00e7ue dont le montant est fix\u00e9 par l'assembl\u00e9e g\u00e9n\u00e9rale des membres (voir aussi le formulaire d'adh\u00e9sion)\t\t\t\t\t\t  <\/div>\r\n\t\t\t\t\t\t<\/div>\r\n\t\t\t\t\t<\/div>\r\n\t\t\t\t\t<!-- Inner panel End -->\r\n\t\t\t\t\t\r\n\t\t\t\t\t\t\t\t\r\n\t\t\t\t\t<!-- Inner panel Start -->\r\n\t\t\t\t\t<div class=\"wpsm_panel wpsm_panel-default\">\r\n\t\t\t\t\t\t<div class=\"wpsm_panel-heading\" role=\"tab\" >\r\n\t\t\t\t\t\t  <h4 class=\"wpsm_panel-title\">\r\n\t\t\t\t\t\t\t<a  class=\"collapsed\"  data-toggle=\"collapse\" data-parent=\"#wpsm_accordion_266 \" href=\"javascript:void(0)\" data-target=\"#ac_266_collapse6\" onclick=\"do_resize()\">\r\n\t\t\t\t\t\t\t\t\t\t\t\t\t\t\t\t\t<span class=\"ac_open_cl_icon fa fa-plus\"><\/span>\r\n\t\t\t\t\t\t\t\t\t\r\n\t\t\t\t\t\t\t\t \r\n\t\t\t\t\t\t\t\t<span class=\"ac_title_class\">\r\n\t\t\t\t\t\t\t\t\t\t\t\t\t\t\t\t\t\t\t\t<span style=\"margin-right:6px;\" class=\"fa fa-arrow-circle-right\"><\/span>\r\n\t\t\t\t\t\t\t\t\tAspect s\u00e9curitaire\t\t\t\t\t\t\t\t<\/span>\r\n\t\t\t\t\t\t\t<\/a>\r\n\t\t\t\t\t\t  <\/h4>\r\n\t\t\t\t\t\t<\/div>\r\n\t\t\t\t\t\t<div id=\"ac_266_collapse6\" class=\"wpsm_panel-collapse collapse \"  >\r\n\t\t\t\t\t\t  <div class=\"wpsm_panel-body\">\r\n\t\t\t\t\t\t\t<strong><code><img class=\"alignnone wp-image-41\" src=\"http:\/\/lagrue-mlc.ch\/wp-content\/uploads\/2018\/11\/Grue_Sihouette-Rouge-240x300.png\" alt=\"\" width=\"27\" height=\"34\" \/>\u00a0\u00a0<\/code>e1 - Que se passe-t-il en cas de dissolution de l'association ?<\/strong><br>\r\nSeule l'assembl\u00e9e g\u00e9n\u00e9rale des membres peut dissoudre l'association selon les dispositions statutaires de l'association.\r\nDans ce cas, les grues en circulation seront \u00e9chang\u00e9es contre le montant \u00e9quivalent en francs suisses.<br>\r\n<strong><code><img class=\"alignnone wp-image-41\" src=\"http:\/\/lagrue-mlc.ch\/wp-content\/uploads\/2018\/11\/Grue_Sihouette-Rouge-240x300.png\" alt=\"\" width=\"27\" height=\"34\" \/>\u00a0\u00a0<\/code>e2 - Quel sont les crit\u00e8res de s\u00e9curit\u00e9 des coupures ?<\/strong><br>\r\nLes coupures de La Grue \u00a0incluent 4 niveaux de s\u00e9curit\u00e9 distincts.\r\nLeur reproduction par photocopie ou autres techniques est quasi impossible.\r\nDe toute \u00e9vidence, aucun faux-monnayeur n'aurait un int\u00e9r\u00eat \u00e0 reproduire la MLC, du fait qu'elle ne pourrait \u00eatre utilis\u00e9e uniquement dans une des 3 r\u00e9gions concern\u00e9es.\r\nDans tous les cas, les criminels internationaux ne peuvent s'int\u00e9resser \u00e0 une monnaie locale !<br>\r\n<strong><code><img class=\"alignnone wp-image-41\" src=\"http:\/\/lagrue-mlc.ch\/wp-content\/uploads\/2018\/11\/Grue_Sihouette-Rouge-240x300.png\" alt=\"\" width=\"27\" height=\"34\" \/>\u00a0\u00a0<\/code>e3 - Quelle\u00a0<\/strong><b>s\u00e9curit\u00e9 pour les coupures en stock ?<br>\r\n<\/b>Les grues qui ne sont pas encore mises en circulation sont conserv\u00e9es chez le fournisseur qui, en tant que sp\u00e9cialiste de la branche, poss\u00e8de les moyens ad\u00e9quats pour ce faire.\t\t\t\t\t\t  <\/div>\r\n\t\t\t\t\t\t<\/div>\r\n\t\t\t\t\t<\/div>\r\n\t\t\t\t\t<!-- Inner panel End -->\r\n\t\t\t\t\t\r\n\t\t\t\t\t\t\t\t\r\n\t\t\t\t\t<!-- Inner panel Start -->\r\n\t\t\t\t\t<div class=\"wpsm_panel wpsm_panel-default\">\r\n\t\t\t\t\t\t<div class=\"wpsm_panel-heading\" role=\"tab\" >\r\n\t\t\t\t\t\t  <h4 class=\"wpsm_panel-title\">\r\n\t\t\t\t\t\t\t<a  class=\"collapsed\"  data-toggle=\"collapse\" data-parent=\"#wpsm_accordion_266 \" href=\"javascript:void(0)\" data-target=\"#ac_266_collapse7\" onclick=\"do_resize()\">\r\n\t\t\t\t\t\t\t\t\t\t\t\t\t\t\t\t\t<span class=\"ac_open_cl_icon fa fa-plus\"><\/span>\r\n\t\t\t\t\t\t\t\t\t\r\n\t\t\t\t\t\t\t\t \r\n\t\t\t\t\t\t\t\t<span class=\"ac_title_class\">\r\n\t\t\t\t\t\t\t\t\t\t\t\t\t\t\t\t\t\t\t\t<span style=\"margin-right:6px;\" class=\"fa fa-arrow-circle-right\"><\/span>\r\n\t\t\t\t\t\t\t\t\tFinancement de la d\u00e9marche\t\t\t\t\t\t\t\t<\/span>\r\n\t\t\t\t\t\t\t<\/a>\r\n\t\t\t\t\t\t  <\/h4>\r\n\t\t\t\t\t\t<\/div>\r\n\t\t\t\t\t\t<div id=\"ac_266_collapse7\" class=\"wpsm_panel-collapse collapse \"  >\r\n\t\t\t\t\t\t  <div class=\"wpsm_panel-body\">\r\n\t\t\t\t\t\t\t<strong><code><img class=\"alignnone wp-image-41\" src=\"http:\/\/lagrue-mlc.ch\/wp-content\/uploads\/2018\/11\/Grue_Sihouette-Rouge-240x300.png\" alt=\"\" width=\"27\" height=\"34\" \/>\u00a0\u00a0<\/code>f1 - Quel est le co\u00fbt de la production des billets ? Qui paie ?<\/strong><br>\r\n\u00c0 ce stade, le fournisseur n'est pas encore d\u00e9sign\u00e9.<br>\r\nSi l'on se base sur l'exp\u00e9rience valaisanne avec la MLC Le Farinet, le prix de revient d'un billet \u00e9tait de 14 centimes, soit 3 \u00e0 4 fois moins que le co\u00fbt des billets de la BNS.<br>\r\nAu total, 500'000 farinets ont \u00e9t\u00e9 imprim\u00e9s pour un montant d'environ \u00a0CHF 12'000.<br>\r\nLe financement du premier tirage (quantit\u00e9 \u00e0 d\u00e9finir) sera assur\u00e9 \u00a0par le biais d'un financement participatif.<br>\r\n<strong><code><img class=\"alignnone wp-image-41\" src=\"http:\/\/lagrue-mlc.ch\/wp-content\/uploads\/2018\/11\/Grue_Sihouette-Rouge-240x300.png\" alt=\"\" width=\"27\" height=\"34\" \/>\u00a0\u00a0<\/code>f2 - Financement participatif Pourquoi ?<br>\r\n<\/strong>La Grue est une d\u00e9marche citoyenne, sans but lucratif.<br>\r\nIl est donc important de s'assurer que les citoyens nous suivent dans ce projet. Le financement participatif (crowdfunding) permet de r\u00e9partir l'investissement n\u00e9cessaire sur une large tranche de la population et valide le fait que nous r\u00e9pondons r\u00e9ellement au souhait exprim\u00e9 de la population.\t\t\t\t\t\t  <\/div>\r\n\t\t\t\t\t\t<\/div>\r\n\t\t\t\t\t<\/div>\r\n\t\t\t\t\t<!-- Inner panel End -->\r\n\t\t\t\t\t\r\n\t\t\t\t\t\t\t\t\r\n\t\t\t\t\t<!-- Inner panel Start -->\r\n\t\t\t\t\t<div class=\"wpsm_panel wpsm_panel-default\">\r\n\t\t\t\t\t\t<div class=\"wpsm_panel-heading\" role=\"tab\" >\r\n\t\t\t\t\t\t  <h4 class=\"wpsm_panel-title\">\r\n\t\t\t\t\t\t\t<a  class=\"collapsed\"  data-toggle=\"collapse\" data-parent=\"#wpsm_accordion_266 \" href=\"javascript:void(0)\" data-target=\"#ac_266_collapse8\" onclick=\"do_resize()\">\r\n\t\t\t\t\t\t\t\t\t\t\t\t\t\t\t\t\t<span class=\"ac_open_cl_icon fa fa-plus\"><\/span>\r\n\t\t\t\t\t\t\t\t\t\r\n\t\t\t\t\t\t\t\t \r\n\t\t\t\t\t\t\t\t<span class=\"ac_title_class\">\r\n\t\t\t\t\t\t\t\t\t\t\t\t\t\t\t\t\t\t\t\t<span style=\"margin-right:6px;\" class=\"fa fa-arrow-circle-right\"><\/span>\r\n\t\t\t\t\t\t\t\t\tImpact social\t\t\t\t\t\t\t\t<\/span>\r\n\t\t\t\t\t\t\t<\/a>\r\n\t\t\t\t\t\t  <\/h4>\r\n\t\t\t\t\t\t<\/div>\r\n\t\t\t\t\t\t<div id=\"ac_266_collapse8\" class=\"wpsm_panel-collapse collapse \"  >\r\n\t\t\t\t\t\t  <div class=\"wpsm_panel-body\">\r\n\t\t\t\t\t\t\t<strong><code><img class=\"alignnone wp-image-41\" src=\"http:\/\/lagrue-mlc.ch\/wp-content\/uploads\/2018\/11\/Grue_Sihouette-Rouge-240x300.png\" alt=\"\" width=\"27\" height=\"34\" \/>\u00a0\u00a0<\/code>g1 - Que devient l'argent de la caution ?<\/strong><br>\r\nLes sommes r\u00e9colt\u00e9es en francs suisses et \u00e9chang\u00e9es contre des grues par les usagers aupr\u00e8s des bureaux de change seront plac\u00e9es sur un compte bancaire.<br>\r\nL'\u00e9tablissement choisit est celui qui fait \u00e0 nos yeux \u00a0l'usage le plus \u00e9thique de ce capital.<br>\r\n<strong><code><img class=\"alignnone wp-image-41\" src=\"http:\/\/lagrue-mlc.ch\/wp-content\/uploads\/2018\/11\/Grue_Sihouette-Rouge-240x300.png\" alt=\"\" width=\"27\" height=\"34\" \/>\u00a0\u00a0<\/code>g2 - Y-a-t-il un\u00a0b\u00e9n\u00e9fice financier en bout de compte ?<br>\r\n<\/strong>Non. Le but n'est ni de faire de l'argent avec l'argent, ni de s'enrichir.\r\nC'est pourquoi cette d\u00e9marche est bas\u00e9e sur le b\u00e9n\u00e9volat au sein d'une association sans but lucratif.<br>\r\nDans le cas improbable o\u00f9 un b\u00e9n\u00e9fice serait d\u00e9gag\u00e9, il serait r\u00e9investi dans un projet local de bien commun choisit par les membres de l'association.\t\t\t\t\t\t  <\/div>\r\n\t\t\t\t\t\t<\/div>\r\n\t\t\t\t\t<\/div>\r\n\t\t\t\t\t<!-- Inner panel End -->\r\n\t\t\t\t\t\r\n\t\t\t\t\t\t\t\t\r\n\t\t\t\t\t<!-- Inner panel Start -->\r\n\t\t\t\t\t<div class=\"wpsm_panel wpsm_panel-default\">\r\n\t\t\t\t\t\t<div class=\"wpsm_panel-heading\" role=\"tab\" >\r\n\t\t\t\t\t\t  <h4 class=\"wpsm_panel-title\">\r\n\t\t\t\t\t\t\t<a  class=\"collapsed\"  data-toggle=\"collapse\" data-parent=\"#wpsm_accordion_266 \" href=\"javascript:void(0)\" data-target=\"#ac_266_collapse9\" onclick=\"do_resize()\">\r\n\t\t\t\t\t\t\t\t\t\t\t\t\t\t\t\t\t<span class=\"ac_open_cl_icon fa fa-plus\"><\/span>\r\n\t\t\t\t\t\t\t\t\t\r\n\t\t\t\t\t\t\t\t \r\n\t\t\t\t\t\t\t\t<span class=\"ac_title_class\">\r\n\t\t\t\t\t\t\t\t\t\t\t\t\t\t\t\t\t\t\t\t<span style=\"margin-right:6px;\" class=\"fa fa-arrow-circle-right\"><\/span>\r\n\t\t\t\t\t\t\t\t\tEt ensuite ?\t\t\t\t\t\t\t\t<\/span>\r\n\t\t\t\t\t\t\t<\/a>\r\n\t\t\t\t\t\t  <\/h4>\r\n\t\t\t\t\t\t<\/div>\r\n\t\t\t\t\t\t<div id=\"ac_266_collapse9\" class=\"wpsm_panel-collapse collapse \"  >\r\n\t\t\t\t\t\t  <div class=\"wpsm_panel-body\">\r\n\t\t\t\t\t\t\t<strong><code><img class=\"alignnone wp-image-41\" src=\"http:\/\/lagrue-mlc.ch\/wp-content\/uploads\/2018\/11\/Grue_Sihouette-Rouge-240x300.png\" alt=\"\" width=\"27\" height=\"34\" \/>\u00a0\u00a0<\/code>h1 - Comment la MLC \u00a0La Grue va-t-elle \u00e9voluer ?<\/strong><br>\r\nDans un premier temps, ce qui va \u00eatre mis en place pour la fin 2019 le sera pour une p\u00e9riode d'au moins 2 ans.<br>\r\n\u00c0 la suite des exp\u00e9riences faites, il se peut que La Grue \u00e9volue dans le sens des paiements \u00e9lectroniques, des cr\u00e9dits mutualis\u00e9s, d'une monnaie fondante...<br>\r\nMais tout cela est encore de la musique d'avenir relativement lointaine.<br>\r\nDans tous les cas, ce sont nos membres individuels, prestataires et institutionnels qui prendront les d\u00e9cisions qui s'imposent.\r\n\r\n\u00a0\r\n\r\n\u00a0\t\t\t\t\t\t  <\/div>\r\n\t\t\t\t\t\t<\/div>\r\n\t\t\t\t\t<\/div>\r\n\t\t\t\t\t<!-- Inner panel End -->\r\n\t\t\t\t\t\r\n\t\t\t\t\t\t\t<\/div>\r\n\t\t\t\r\n<script type=\"text\/javascript\">\r\n\t\r\n\t\tfunction do_resize(){\r\n\r\n\t\t\tvar width=jQuery( '.wpsm_panel .wpsm_panel-body iframe' ).width();\r\n\t\t\tvar height=jQuery( '.wpsm_panel .wpsm_panel-body iframe' ).height();\r\n\r\n\t\t\tvar toggleSize = true;\r\n\t\t\tjQuery('iframe').animate({\r\n\t\t\t    width: toggleSize ? width : 640,\r\n\t\t\t    height: toggleSize ? height : 360\r\n\t\t\t  }, 250);\r\n\r\n\t\t\t  toggleSize = !toggleSize;\r\n\t\t}\r\n\t\t\r\n<\/script>\t<\/p>\n<p style=\"text-align: center;\">&nbsp;<\/p>\n","protected":false},"excerpt":{"rendered":"<p>La plupart &nbsp;des questions que peut se poser tout un chacun sur notre MLC sont list\u00e9es&nbsp;ci-apr\u00e8s. Au cas o\u00f9 vous ne trouveriez&nbsp;pas les r\u00e9ponses&nbsp;\u00e0 vos interrogations, merci de bien vouloir contacter le webmaster qui vous r\u00e9pondra au mieux et, le cas \u00e9ch\u00e9ant, ajoutera la question&nbsp;et sa r\u00e9ponse&nbsp;\u00e0&nbsp;cette&nbsp;liste. &nbsp;<\/p>\n","protected":false},"author":1,"featured_media":0,"parent":0,"menu_order":3,"comment_status":"closed","ping_status":"closed","template":"","meta":{"_mi_skip_tracking":false,"_exactmetrics_sitenote_active":false,"_exactmetrics_sitenote_note":"","_exactmetrics_sitenote_category":0,"ngg_post_thumbnail":0},"_links":{"self":[{"href":"https:\/\/lagrue-mlc.ch\/index.php\/wp-json\/wp\/v2\/pages\/78"}],"collection":[{"href":"https:\/\/lagrue-mlc.ch\/index.php\/wp-json\/wp\/v2\/pages"}],"about":[{"href":"https:\/\/lagrue-mlc.ch\/index.php\/wp-json\/wp\/v2\/types\/page"}],"author":[{"embeddable":true,"href":"https:\/\/lagrue-mlc.ch\/index.php\/wp-json\/wp\/v2\/users\/1"}],"replies":[{"embeddable":true,"href":"https:\/\/lagrue-mlc.ch\/index.php\/wp-json\/wp\/v2\/comments?post=78"}],"version-history":[{"count":20,"href":"https:\/\/lagrue-mlc.ch\/index.php\/wp-json\/wp\/v2\/pages\/78\/revisions"}],"predecessor-version":[{"id":1759,"href":"https:\/\/lagrue-mlc.ch\/index.php\/wp-json\/wp\/v2\/pages\/78\/revisions\/1759"}],"wp:attachment":[{"href":"https:\/\/lagrue-mlc.ch\/index.php\/wp-json\/wp\/v2\/media?parent=78"}],"curies":[{"name":"wp","href":"https:\/\/api.w.org\/{rel}","templated":true}]}}