{"id":48,"date":"2018-11-15T15:41:14","date_gmt":"2018-11-15T14:41:14","guid":{"rendered":"http:\/\/lagrue-mlc.ch\/?page_id=48"},"modified":"2020-11-16T02:35:04","modified_gmt":"2020-11-16T01:35:04","slug":"liens","status":"publish","type":"page","link":"https:\/\/lagrue-mlc.ch\/index.php\/liens\/","title":{"rendered":"MLC en Suisse"},"content":{"rendered":"\n<figure class=\"wp-block-image size-large is-resized\"><img decoding=\"async\" loading=\"lazy\" src=\"http:\/\/lagrue-mlc.ch\/wp-content\/uploads\/2020\/02\/MLC-Suisse-02.2020-1024x652.png\" alt=\"\" class=\"wp-image-4208\" width=\"487\" height=\"309\" srcset=\"https:\/\/lagrue-mlc.ch\/wp-content\/uploads\/2020\/02\/MLC-Suisse-02.2020-1024x652.png 1024w, https:\/\/lagrue-mlc.ch\/wp-content\/uploads\/2020\/02\/MLC-Suisse-02.2020-300x191.png 300w, https:\/\/lagrue-mlc.ch\/wp-content\/uploads\/2020\/02\/MLC-Suisse-02.2020-768x489.png 768w, https:\/\/lagrue-mlc.ch\/wp-content\/uploads\/2020\/02\/MLC-Suisse-02.2020-1536x978.png 1536w, https:\/\/lagrue-mlc.ch\/wp-content\/uploads\/2020\/02\/MLC-Suisse-02.2020-2048x1304.png 2048w\" sizes=\"(max-width: 487px) 100vw, 487px\" \/><\/figure>\n\n\n<p>&nbsp;<\/p>\n<p>\u00c0 ce jour, il existe ou sont en cours de r\u00e9alisation<strong>*<\/strong>&nbsp;&nbsp;<strong>11 MLC<br><\/strong>Bislang ist es vorhanden oder wird gerade umgesetzt<strong>*<\/strong> <strong>11 Regiogeld<\/strong><\/p>\n<blockquote>\n<p><em>En Romandie \/ In der Romandie<br><\/em>\u2022 L<strong><span style=\"color: #339966;\">&lsquo;<span style=\"color: #008000;\">ABEILLE<\/span><\/span><\/strong> &#8211; La Chaux-de-Fonds NE (#9) &#8211; 2019<br>\u2022 Le<strong><a href=\"http:\/\/mlc-fribourg.ch\">&nbsp;<\/a><a href=\"https:\/\/mlc-fribourg.ch\">DRAGON<\/a>*<\/strong> &#8211; Fribourg &amp; Alentours (#5)<br>\u2022 Le<strong><span style=\"color: #339966;\">&nbsp;<span style=\"color: #008000;\">BRUINET<\/span><\/span><\/strong> &#8211; Les Brenets NE (#7) &#8211; 2019<br>\u2022 L<strong>&lsquo;<span style=\"color: #008000;\"><a style=\"color: #008000;\" href=\"http:\/\/epi-vd.ch\">\u00c9PI<\/a> <\/span><\/strong>&#8211; &nbsp;Gros-de-Vaud &amp; Pied du Jura Vaudois (#3) -2018<br>\u2022 Le<strong>&nbsp;<a href=\"http:\/\/www.lefarinet.ch\">FARINET<\/a><\/strong> &#8211; Valais (#2) &#8211; (<em>2016-2019)<\/em><br>\u2022 <span style=\"color: #ff0000;\">La<strong> GRUE*<\/strong> &#8211; Saanenland, Pays-d&rsquo;Enhaut &amp; Gruy\u00e8re <span style=\"color: #000000;\">(#4)<\/span><\/span><br>\u2022 Le<strong>&nbsp;<a href=\"http:\/\/monnaie-leman.org\">L\u00c9MAN<\/a><\/strong> &#8211; Bassin L\u00e9manique (#1) &#8211; 2015<br>\u2022 La <strong><a href=\"https:\/\/www.monnaie-perle.ch\">PERLE<\/a><\/strong><strong>*&nbsp;<\/strong>&#8211; Rolle &amp; Environs, Vall\u00e9e de Joux (#6)<br>\u2022 Le <a href=\"https:\/\/valaction-vdt.ch\/\"><span style=\"color: #008000;\"><strong>VAL<\/strong><\/span><\/a> &#8211; Val-de-Travers NE \/(#8) &#8211; 2017<br><em>&gt; Ailleurs en Suisse \/ Anderswo in der Schweiz<\/em><br>\u2022 <a href=\"http:\/\/eulachtaler.ch\"><strong>EULACHTALER<\/strong><\/a>&#8211; Region Winterthour (#12)<br>\u2022 <a href=\"http:\/\/www.netzbon.ch\"><strong>NETZBON&nbsp;<\/strong><\/a>&#8211; Region Basel (#11)<br>\u2022 <a href=\"https:\/\/www.facebook.com\/TicinoCoin-525621607583439\/\"><strong>TICINO COIN<\/strong><\/a> &#8211; Ticino (#13)<br>\u2022 <strong><a href=\"http:\/\/vorwaertsbeo.ch\">VORW\u00c4RTS BEO<\/a>*<\/strong> &#8211; Berner Oberland \/ Interlaken (#14)<\/p>\n<\/blockquote>\n<p style=\"text-align: center;\">Liste mise \u00e0 jour selon nos derni\u00e8res informations \/<br>Liste aktualisiert nach unseren neuesten Information<\/p>\n<p style=\"text-align: center;\"><em>Les responsables de ces diverses MLC se rencontrent<\/em><br><em>p\u00e9riodiquement pour \u00e9change d&rsquo;exp\u00e9riences et synchroniser<\/em><br><em>les actions communes, notamment aupr\u00e8s de la <strong>Finma<\/strong>.<\/em><\/p>\n<blockquote>\n<p>&gt; \u00c0 nos fronti\u00e8res \/ An unseren Grenzen<br>\u2022 La <span style=\"color: #008000;\"><strong>PIVE<\/strong><\/span> &#8211; Franche-Comt\u00e9 (F)<br>\u2022 Le <span style=\"color: #008000;\"><strong>CHIEMGAUER<\/strong><\/span> &#8211; Bavi\u00e8re (D)<br>\u2022 La <span style=\"color: #008000;\"><strong>CIGOGNE<\/strong><\/span> &#8211; Alsace du Sud (F)<br>\u2022 Le <span style=\"color: #008000;\"><strong>CHAB<\/strong><\/span> &#8211; Chablais Fran\u00e7ais (F)<br>\u2022 L&rsquo;<span style=\"color: #008000;\"><strong>\u00c9CO<\/strong><\/span> &#8211; Annemasse &amp; Agglom\u00e9ration (F)<br>\u2022 Le <span style=\"color: #008000;\"><strong>TIOK<\/strong><\/span> &#8211; D\u00e9partement de l&rsquo;Ain (F)<br>\u2022 Le <span style=\"color: #008000;\"><strong>RADIS<\/strong><\/span> &#8211; Haut-Rhin (F)<\/p>\n<\/blockquote>","protected":false},"excerpt":{"rendered":"<p>&nbsp; \u00c0 ce jour, il existe ou sont en cours de r\u00e9alisation*&nbsp;&nbsp;11 MLCBislang ist es vorhanden oder wird gerade umgesetzt* 11 Regiogeld En Romandie \/ In der Romandie\u2022 L&lsquo;ABEILLE &#8211; La Chaux-de-Fonds NE (#9) &#8211; 2019\u2022 Le&nbsp;DRAGON* &#8211; Fribourg &amp; Alentours (#5)\u2022 Le&nbsp;BRUINET &#8211; Les Brenets NE (#7) &#8211; 2019\u2022 L&lsquo;\u00c9PI &#8211; &nbsp;Gros-de-Vaud &amp; Pied &hellip; <a href=\"https:\/\/lagrue-mlc.ch\/index.php\/liens\/\" class=\"more-link\">Continuer la lecture de <span class=\"screen-reader-text\">MLC en Suisse<\/span>  <span class=\"meta-nav\">&rarr;<\/span><\/a><\/p>\n","protected":false},"author":1,"featured_media":0,"parent":0,"menu_order":0,"comment_status":"closed","ping_status":"closed","template":"","meta":{"_mi_skip_tracking":false,"_exactmetrics_sitenote_active":false,"_exactmetrics_sitenote_note":"","_exactmetrics_sitenote_category":0,"ngg_post_thumbnail":0},"_links":{"self":[{"href":"https:\/\/lagrue-mlc.ch\/index.php\/wp-json\/wp\/v2\/pages\/48"}],"collection":[{"href":"https:\/\/lagrue-mlc.ch\/index.php\/wp-json\/wp\/v2\/pages"}],"about":[{"href":"https:\/\/lagrue-mlc.ch\/index.php\/wp-json\/wp\/v2\/types\/page"}],"author":[{"embeddable":true,"href":"https:\/\/lagrue-mlc.ch\/index.php\/wp-json\/wp\/v2\/users\/1"}],"replies":[{"embeddable":true,"href":"https:\/\/lagrue-mlc.ch\/index.php\/wp-json\/wp\/v2\/comments?post=48"}],"version-history":[{"count":104,"href":"https:\/\/lagrue-mlc.ch\/index.php\/wp-json\/wp\/v2\/pages\/48\/revisions"}],"predecessor-version":[{"id":5226,"href":"https:\/\/lagrue-mlc.ch\/index.php\/wp-json\/wp\/v2\/pages\/48\/revisions\/5226"}],"wp:attachment":[{"href":"https:\/\/lagrue-mlc.ch\/index.php\/wp-json\/wp\/v2\/media?parent=48"}],"curies":[{"name":"wp","href":"https:\/\/api.w.org\/{rel}","templated":true}]}}